{"id":14814,"date":"2026-08-27T12:12:37","date_gmt":"2026-08-27T19:12:37","guid":{"rendered":"https:\/\/www.srdc.org\/?post_type=project&#038;p=14814"},"modified":"2026-08-27T12:13:50","modified_gmt":"2026-08-27T19:13:50","slug":"creation-dune-formation-sur-la-preparation-au-marche-du-travail-pour-les-jeunes-du-nouveau-brunswick","status":"publish","type":"project","link":"https:\/\/www.srdc.org\/fr\/project\/creation-dune-formation-sur-la-preparation-au-marche-du-travail-pour-les-jeunes-du-nouveau-brunswick\/","title":{"rendered":"Cr\u00e9ation d\u2019une formation sur la pr\u00e9paration au march\u00e9 du travail pour les jeunes du Nouveau-Brunswick"},"content":{"rendered":"<p class=\"my-2 [&amp;+p]:mt-4 [&amp;_strong:has(+br)]:inline-block [&amp;_strong:has(+br)]:align-top\">Les jeunes qui int\u00e8grent le march\u00e9 du travail pour la premi\u00e8re fois sont souvent confront\u00e9s \u00e0 de nouvelles attentes, proc\u00e9dures et normes en milieu de travail. Des situations que les personnes ayant plus d\u2019exp\u00e9rience professionnelle abordent avec aisance peuvent repr\u00e9senter des d\u00e9fis pour les jeunes ayant une exp\u00e9rience professionnelle limit\u00e9e. Afin de favoriser une transition r\u00e9ussie vers le march\u00e9 du travail, ce projet vise \u00e0 \u00e9laborer une formation en ligne de pr\u00e9paration destin\u00e9e aux jeunes du Nouveau-Brunswick.<\/p>\n<p class=\"my-2 [&amp;+p]:mt-4 [&amp;_strong:has(+br)]:inline-block [&amp;_strong:has(+br)]:align-top\">Cette formation vise \u00e0 renforcer la pr\u00e9paration \u00e0 la carri\u00e8re, l\u2019employabilit\u00e9 et la r\u00e9ussite en milieu de travail gr\u00e2ce \u00e0 une s\u00e9rie de modules en ligne autonomes, pratiques, accessibles et pertinents.<\/p>\n<p class=\"my-2 [&amp;+p]:mt-4 [&amp;_strong:has(+br)]:inline-block [&amp;_strong:has(+br)]:align-top\">Afin que la formation refl\u00e8te les exp\u00e9riences, les points de vue et les besoins des jeunes, des jeunes ainsi que des professionnels de l\u2019emploi participent \u00e0 son \u00e9laboration par l\u2019interm\u00e9diaire de groupes de travail consultatifs. Le projet suit un processus de d\u00e9veloppement it\u00e9ratif en quatre phases. Chaque phase comprend l\u2019\u00e9laboration du contenu, des consultations sous forme de groupes de discussion avec les deux groupes consultatifs, l\u2019analyse des commentaires des participants et la r\u00e9vision du mat\u00e9riel de formation.<\/p>\n<p class=\"my-2 [&amp;+p]:mt-4 [&amp;_strong:has(+br)]:inline-block [&amp;_strong:has(+br)]:align-top\">Cette approche collaborative permet de veiller \u00e0 ce que le contenu de la formation demeure pertinent, engageant et adapt\u00e9 aux r\u00e9alit\u00e9s du monde du travail ainsi qu\u2019aux besoins des jeunes. Le r\u00e9sultat final sera une formation en ligne sur la pr\u00e9paration au march\u00e9 du travail qui outillera les jeunes du Nouveau-Brunswick en leur fournissant les connaissances, les comp\u00e9tences et la confiance n\u00e9cessaires pour int\u00e9grer le monde du travail et y \u00e9voluer avec succ\u00e8s.<\/p>\n","protected":false},"featured_media":14815,"template":"","capabilities":[269],"populations":[287],"publication_types":[],"publication_themes":[],"policy_area":[300,302,314,319],"class_list":["post-14814","project","type-project","status-publish","has-post-thumbnail","hentry","capabilities-renforcement-des-capacites","populations-jeunesse","policy_area-perfectionnement-professionnel-et-imt","policy_area-developpement-et-inclusion-des-jeunes","policy_area-services-de-soutien-a-lemploi","policy_area-formation-en-milieu-de-travail"],"acf":[],"yoast_head":"<!-- This site is optimized with the Yoast SEO plugin v28.3 - https:\/\/yoast.com\/product\/yoast-seo-wordpress\/ -->\n<title>Cr\u00e9ation d\u2019une formation sur la pr\u00e9paration au march\u00e9 du travail pour les jeunes du Nouveau-Brunswick - SRDC<\/title>\n<meta name=\"robots\" content=\"index, follow, max-snippet:-1, max-image-preview:large, max-video-preview:-1\" \/>\n<link rel=\"canonical\" href=\"https:\/\/www.srdc.org\/fr\/project\/creation-dune-formation-sur-la-preparation-au-marche-du-travail-pour-les-jeunes-du-nouveau-brunswick\/\" \/>\n<meta property=\"og:locale\" content=\"fr_FR\" \/>\n<meta property=\"og:type\" content=\"article\" \/>\n<meta property=\"og:title\" content=\"Cr\u00e9ation d\u2019une formation sur la pr\u00e9paration au march\u00e9 du travail pour les jeunes du Nouveau-Brunswick - SRDC\" \/>\n<meta property=\"og:description\" content=\"Les jeunes qui int\u00e8grent le march\u00e9 du travail pour la premi\u00e8re fois sont souvent confront\u00e9s \u00e0 de nouvelles attentes, proc\u00e9dures et normes en milieu&hellip;\" \/>\n<meta property=\"og:url\" content=\"https:\/\/www.srdc.org\/fr\/project\/creation-dune-formation-sur-la-preparation-au-marche-du-travail-pour-les-jeunes-du-nouveau-brunswick\/\" \/>\n<meta property=\"og:site_name\" content=\"SRDC\" \/>\n<meta property=\"article:modified_time\" content=\"2026-08-27T19:13:50+00:00\" \/>\n<meta property=\"og:image\" content=\"https:\/\/www.srdc.org\/wp-content\/uploads\/2026\/08\/Creating-Youth-Workplace-Readiness-Training-for-the-New-Brunswick-Context-1.png\" \/>\n\t<meta property=\"og:image:width\" content=\"1920\" \/>\n\t<meta property=\"og:image:height\" content=\"750\" \/>\n\t<meta property=\"og:image:type\" content=\"image\/png\" \/>\n<meta name=\"twitter:card\" content=\"summary_large_image\" \/>\n<meta name=\"twitter:label1\" content=\"Dur\u00e9e de lecture estim\u00e9e\" \/>\n\t<meta name=\"twitter:data1\" content=\"2 minutes\" \/>\n<script type=\"application\/ld+json\" class=\"yoast-schema-graph\">{\"@context\":\"https:\\\/\\\/schema.org\",\"@graph\":[{\"@type\":\"WebPage\",\"@id\":\"https:\\\/\\\/www.srdc.org\\\/fr\\\/project\\\/creation-dune-formation-sur-la-preparation-au-marche-du-travail-pour-les-jeunes-du-nouveau-brunswick\\\/\",\"url\":\"https:\\\/\\\/www.srdc.org\\\/fr\\\/project\\\/creation-dune-formation-sur-la-preparation-au-marche-du-travail-pour-les-jeunes-du-nouveau-brunswick\\\/\",\"name\":\"Cr\u00e9ation d\u2019une formation sur la pr\u00e9paration au march\u00e9 du travail pour les jeunes du Nouveau-Brunswick - SRDC\",\"isPartOf\":{\"@id\":\"https:\\\/\\\/www.srdc.org\\\/fr\\\/#website\"},\"primaryImageOfPage\":{\"@id\":\"https:\\\/\\\/www.srdc.org\\\/fr\\\/project\\\/creation-dune-formation-sur-la-preparation-au-marche-du-travail-pour-les-jeunes-du-nouveau-brunswick\\\/#primaryimage\"},\"image\":{\"@id\":\"https:\\\/\\\/www.srdc.org\\\/fr\\\/project\\\/creation-dune-formation-sur-la-preparation-au-marche-du-travail-pour-les-jeunes-du-nouveau-brunswick\\\/#primaryimage\"},\"thumbnailUrl\":\"https:\\\/\\\/www.srdc.org\\\/wp-content\\\/uploads\\\/2026\\\/08\\\/Creating-Youth-Workplace-Readiness-Training-for-the-New-Brunswick-Context-1.png\",\"datePublished\":\"2026-08-27T19:12:37+00:00\",\"dateModified\":\"2026-08-27T19:13:50+00:00\",\"breadcrumb\":{\"@id\":\"https:\\\/\\\/www.srdc.org\\\/fr\\\/project\\\/creation-dune-formation-sur-la-preparation-au-marche-du-travail-pour-les-jeunes-du-nouveau-brunswick\\\/#breadcrumb\"},\"inLanguage\":\"fr-FR\",\"potentialAction\":[{\"@type\":\"ReadAction\",\"target\":[\"https:\\\/\\\/www.srdc.org\\\/fr\\\/project\\\/creation-dune-formation-sur-la-preparation-au-marche-du-travail-pour-les-jeunes-du-nouveau-brunswick\\\/\"]}]},{\"@type\":\"ImageObject\",\"inLanguage\":\"fr-FR\",\"@id\":\"https:\\\/\\\/www.srdc.org\\\/fr\\\/project\\\/creation-dune-formation-sur-la-preparation-au-marche-du-travail-pour-les-jeunes-du-nouveau-brunswick\\\/#primaryimage\",\"url\":\"https:\\\/\\\/www.srdc.org\\\/wp-content\\\/uploads\\\/2026\\\/08\\\/Creating-Youth-Workplace-Readiness-Training-for-the-New-Brunswick-Context-1.png\",\"contentUrl\":\"https:\\\/\\\/www.srdc.org\\\/wp-content\\\/uploads\\\/2026\\\/08\\\/Creating-Youth-Workplace-Readiness-Training-for-the-New-Brunswick-Context-1.png\",\"width\":1920,\"height\":750,\"caption\":\"la pr\u00e9paration au march\u00e9 du travail pour les jeunes du Nouveau-Brunswick\"},{\"@type\":\"BreadcrumbList\",\"@id\":\"https:\\\/\\\/www.srdc.org\\\/fr\\\/project\\\/creation-dune-formation-sur-la-preparation-au-marche-du-travail-pour-les-jeunes-du-nouveau-brunswick\\\/#breadcrumb\",\"itemListElement\":[{\"@type\":\"ListItem\",\"position\":1,\"name\":\"Home\",\"item\":\"https:\\\/\\\/www.srdc.org\\\/fr\\\/\"},{\"@type\":\"ListItem\",\"position\":2,\"name\":\"Cr\u00e9ation d\u2019une formation sur la pr\u00e9paration au march\u00e9 du travail pour les jeunes du Nouveau-Brunswick\"}]},{\"@type\":\"WebSite\",\"@id\":\"https:\\\/\\\/www.srdc.org\\\/fr\\\/#website\",\"url\":\"https:\\\/\\\/www.srdc.org\\\/fr\\\/\",\"name\":\"SRDC\",\"description\":\"\",\"publisher\":{\"@id\":\"https:\\\/\\\/www.srdc.org\\\/fr\\\/#organization\"},\"potentialAction\":[{\"@type\":\"SearchAction\",\"target\":{\"@type\":\"EntryPoint\",\"urlTemplate\":\"https:\\\/\\\/www.srdc.org\\\/fr\\\/?s={search_term_string}\"},\"query-input\":{\"@type\":\"PropertyValueSpecification\",\"valueRequired\":true,\"valueName\":\"search_term_string\"}}],\"inLanguage\":\"fr-FR\"},{\"@type\":\"Organization\",\"@id\":\"https:\\\/\\\/www.srdc.org\\\/fr\\\/#organization\",\"name\":\"SRDC\",\"url\":\"https:\\\/\\\/www.srdc.org\\\/fr\\\/\",\"logo\":{\"@type\":\"ImageObject\",\"inLanguage\":\"fr-FR\",\"@id\":\"https:\\\/\\\/www.srdc.org\\\/fr\\\/#\\\/schema\\\/logo\\\/image\\\/\",\"url\":\"https:\\\/\\\/www.srdc.org\\\/wp-content\\\/uploads\\\/2022\\\/06\\\/SRDC-logo.svg\",\"contentUrl\":\"https:\\\/\\\/www.srdc.org\\\/wp-content\\\/uploads\\\/2022\\\/06\\\/SRDC-logo.svg\",\"width\":434.8999999999999772626324556767940521240234375,\"height\":124.5499999999999971578290569595992565155029296875,\"caption\":\"SRDC\"},\"image\":{\"@id\":\"https:\\\/\\\/www.srdc.org\\\/fr\\\/#\\\/schema\\\/logo\\\/image\\\/\"}}]}<\/script>\n<!-- \/ Yoast SEO plugin. -->","yoast_head_json":{"title":"Cr\u00e9ation d\u2019une formation sur la pr\u00e9paration au march\u00e9 du travail pour les jeunes du Nouveau-Brunswick - SRDC","robots":{"index":"index","follow":"follow","max-snippet":"max-snippet:-1","max-image-preview":"max-image-preview:large","max-video-preview":"max-video-preview:-1"},"canonical":"https:\/\/www.srdc.org\/fr\/project\/creation-dune-formation-sur-la-preparation-au-marche-du-travail-pour-les-jeunes-du-nouveau-brunswick\/","og_locale":"fr_FR","og_type":"article","og_title":"Cr\u00e9ation d\u2019une formation sur la pr\u00e9paration au march\u00e9 du travail pour les jeunes du Nouveau-Brunswick - SRDC","og_description":"Les jeunes qui int\u00e8grent le march\u00e9 du travail pour la premi\u00e8re fois sont souvent confront\u00e9s \u00e0 de nouvelles attentes, proc\u00e9dures et normes en milieu&hellip;","og_url":"https:\/\/www.srdc.org\/fr\/project\/creation-dune-formation-sur-la-preparation-au-marche-du-travail-pour-les-jeunes-du-nouveau-brunswick\/","og_site_name":"SRDC","article_modified_time":"2026-08-27T19:13:50+00:00","og_image":[{"width":1920,"height":750,"url":"https:\/\/www.srdc.org\/wp-content\/uploads\/2026\/08\/Creating-Youth-Workplace-Readiness-Training-for-the-New-Brunswick-Context-1.png","type":"image\/png"}],"twitter_card":"summary_large_image","twitter_misc":{"Dur\u00e9e de lecture estim\u00e9e":"2 minutes"},"schema":{"@context":"https:\/\/schema.org","@graph":[{"@type":"WebPage","@id":"https:\/\/www.srdc.org\/fr\/project\/creation-dune-formation-sur-la-preparation-au-marche-du-travail-pour-les-jeunes-du-nouveau-brunswick\/","url":"https:\/\/www.srdc.org\/fr\/project\/creation-dune-formation-sur-la-preparation-au-marche-du-travail-pour-les-jeunes-du-nouveau-brunswick\/","name":"Cr\u00e9ation d\u2019une formation sur la pr\u00e9paration au march\u00e9 du travail pour les jeunes du Nouveau-Brunswick - SRDC","isPartOf":{"@id":"https:\/\/www.srdc.org\/fr\/#website"},"primaryImageOfPage":{"@id":"https:\/\/www.srdc.org\/fr\/project\/creation-dune-formation-sur-la-preparation-au-marche-du-travail-pour-les-jeunes-du-nouveau-brunswick\/#primaryimage"},"image":{"@id":"https:\/\/www.srdc.org\/fr\/project\/creation-dune-formation-sur-la-preparation-au-marche-du-travail-pour-les-jeunes-du-nouveau-brunswick\/#primaryimage"},"thumbnailUrl":"https:\/\/www.srdc.org\/wp-content\/uploads\/2026\/08\/Creating-Youth-Workplace-Readiness-Training-for-the-New-Brunswick-Context-1.png","datePublished":"2026-08-27T19:12:37+00:00","dateModified":"2026-08-27T19:13:50+00:00","breadcrumb":{"@id":"https:\/\/www.srdc.org\/fr\/project\/creation-dune-formation-sur-la-preparation-au-marche-du-travail-pour-les-jeunes-du-nouveau-brunswick\/#breadcrumb"},"inLanguage":"fr-FR","potentialAction":[{"@type":"ReadAction","target":["https:\/\/www.srdc.org\/fr\/project\/creation-dune-formation-sur-la-preparation-au-marche-du-travail-pour-les-jeunes-du-nouveau-brunswick\/"]}]},{"@type":"ImageObject","inLanguage":"fr-FR","@id":"https:\/\/www.srdc.org\/fr\/project\/creation-dune-formation-sur-la-preparation-au-marche-du-travail-pour-les-jeunes-du-nouveau-brunswick\/#primaryimage","url":"https:\/\/www.srdc.org\/wp-content\/uploads\/2026\/08\/Creating-Youth-Workplace-Readiness-Training-for-the-New-Brunswick-Context-1.png","contentUrl":"https:\/\/www.srdc.org\/wp-content\/uploads\/2026\/08\/Creating-Youth-Workplace-Readiness-Training-for-the-New-Brunswick-Context-1.png","width":1920,"height":750,"caption":"la pr\u00e9paration au march\u00e9 du travail pour les jeunes du Nouveau-Brunswick"},{"@type":"BreadcrumbList","@id":"https:\/\/www.srdc.org\/fr\/project\/creation-dune-formation-sur-la-preparation-au-marche-du-travail-pour-les-jeunes-du-nouveau-brunswick\/#breadcrumb","itemListElement":[{"@type":"ListItem","position":1,"name":"Home","item":"https:\/\/www.srdc.org\/fr\/"},{"@type":"ListItem","position":2,"name":"Cr\u00e9ation d\u2019une formation sur la pr\u00e9paration au march\u00e9 du travail pour les jeunes du Nouveau-Brunswick"}]},{"@type":"WebSite","@id":"https:\/\/www.srdc.org\/fr\/#website","url":"https:\/\/www.srdc.org\/fr\/","name":"SRDC","description":"","publisher":{"@id":"https:\/\/www.srdc.org\/fr\/#organization"},"potentialAction":[{"@type":"SearchAction","target":{"@type":"EntryPoint","urlTemplate":"https:\/\/www.srdc.org\/fr\/?s={search_term_string}"},"query-input":{"@type":"PropertyValueSpecification","valueRequired":true,"valueName":"search_term_string"}}],"inLanguage":"fr-FR"},{"@type":"Organization","@id":"https:\/\/www.srdc.org\/fr\/#organization","name":"SRDC","url":"https:\/\/www.srdc.org\/fr\/","logo":{"@type":"ImageObject","inLanguage":"fr-FR","@id":"https:\/\/www.srdc.org\/fr\/#\/schema\/logo\/image\/","url":"https:\/\/www.srdc.org\/wp-content\/uploads\/2022\/06\/SRDC-logo.svg","contentUrl":"https:\/\/www.srdc.org\/wp-content\/uploads\/2022\/06\/SRDC-logo.svg","width":434.8999999999999772626324556767940521240234375,"height":124.5499999999999971578290569595992565155029296875,"caption":"SRDC"},"image":{"@id":"https:\/\/www.srdc.org\/fr\/#\/schema\/logo\/image\/"}}]}},"_links":{"self":[{"href":"https:\/\/www.srdc.org\/fr\/wp-json\/wp\/v2\/project\/14814","targetHints":{"allow":["GET"]}}],"collection":[{"href":"https:\/\/www.srdc.org\/fr\/wp-json\/wp\/v2\/project"}],"about":[{"href":"https:\/\/www.srdc.org\/fr\/wp-json\/wp\/v2\/types\/project"}],"wp:featuredmedia":[{"embeddable":true,"href":"https:\/\/www.srdc.org\/fr\/wp-json\/wp\/v2\/media\/14815"}],"wp:attachment":[{"href":"https:\/\/www.srdc.org\/fr\/wp-json\/wp\/v2\/media?parent=14814"}],"wp:term":[{"taxonomy":"capabilities","embeddable":true,"href":"https:\/\/www.srdc.org\/fr\/wp-json\/wp\/v2\/capabilities?post=14814"},{"taxonomy":"populations","embeddable":true,"href":"https:\/\/www.srdc.org\/fr\/wp-json\/wp\/v2\/populations?post=14814"},{"taxonomy":"publication_types","embeddable":true,"href":"https:\/\/www.srdc.org\/fr\/wp-json\/wp\/v2\/publication_types?post=14814"},{"taxonomy":"publication_themes","embeddable":true,"href":"https:\/\/www.srdc.org\/fr\/wp-json\/wp\/v2\/publication_themes?post=14814"},{"taxonomy":"policy_area","embeddable":true,"href":"https:\/\/www.srdc.org\/fr\/wp-json\/wp\/v2\/policy_area?post=14814"}],"curies":[{"name":"wp","href":"https:\/\/api.w.org\/{rel}","templated":true}]}}